{"id":68,"date":"2022-10-10T11:04:06","date_gmt":"2022-10-10T09:04:06","guid":{"rendered":"https:\/\/ecumm.fr\/?page_id=68"},"modified":"2024-12-20T13:51:19","modified_gmt":"2024-12-20T12:51:19","slug":"entreprises-2","status":"publish","type":"page","link":"https:\/\/ecumm.fr\/index.php\/entreprises-2\/","title":{"rendered":"Entreprises"},"content":{"rendered":"<p>[et_pb_section fb_built=\u00a0\u00bb1&Prime; _builder_version=\u00a0\u00bb4.18.0&Prime; _module_preset=\u00a0\u00bbdefault\u00a0\u00bb background_image=\u00a0\u00bbhttp:\/\/ecumm.fr\/wp-content\/uploads\/2022\/10\/entreprises-2-scaled.jpg\u00a0\u00bb global_colors_info=\u00a0\u00bb{}\u00a0\u00bb][et_pb_row _builder_version=\u00a0\u00bb4.18.0&Prime; _module_preset=\u00a0\u00bbdefault\u00a0\u00bb background_color=\u00a0\u00bbrgba(197,247,245,0.67)\u00a0\u00bb global_colors_info=\u00a0\u00bb{}\u00a0\u00bb][et_pb_column type=\u00a0\u00bb4_4&Prime; _builder_version=\u00a0\u00bb4.18.0&Prime; _module_preset=\u00a0\u00bbdefault\u00a0\u00bb global_colors_info=\u00a0\u00bb{}\u00a0\u00bb][et_pb_text _builder_version=\u00a0\u00bb4.18.0&Prime; _module_preset=\u00a0\u00bbdefault\u00a0\u00bb header_text_align=\u00a0\u00bbcenter\u00a0\u00bb header_text_color=\u00a0\u00bb#0C71C3&Prime; header_font_size=\u00a0\u00bb64px\u00a0\u00bb global_colors_info=\u00a0\u00bb{}\u00a0\u00bb]<\/p>\n<h1><span style=\"font-family: inherit;\">ENTREPRISES<\/span><\/h1>\n<p>[\/et_pb_text][\/et_pb_column][\/et_pb_row][\/et_pb_section][et_pb_section fb_built=\u00a0\u00bb1&Prime; _builder_version=\u00a0\u00bb4.18.0&Prime; _module_preset=\u00a0\u00bbdefault\u00a0\u00bb global_colors_info=\u00a0\u00bb{}\u00a0\u00bb][et_pb_row column_structure=\u00a0\u00bb1_3,1_3,1_3&Prime; _builder_version=\u00a0\u00bb4.18.0&Prime; _module_preset=\u00a0\u00bbdefault\u00a0\u00bb global_colors_info=\u00a0\u00bb{}\u00a0\u00bb][et_pb_column type=\u00a0\u00bb1_3&Prime; _builder_version=\u00a0\u00bb4.18.0&Prime; _module_preset=\u00a0\u00bbdefault\u00a0\u00bb global_colors_info=\u00a0\u00bb{}\u00a0\u00bb][et_pb_blurb title=\u00a0\u00bbCoaching\u00a0\u00bb image=\u00a0\u00bbhttp:\/\/ecumm.fr\/wp-content\/uploads\/2022\/10\/pexels-fauxels-3184432-scaled.jpg\u00a0\u00bb _builder_version=\u00a0\u00bb4.18.0&Prime; _module_preset=\u00a0\u00bbdefault\u00a0\u00bb global_colors_info=\u00a0\u00bb{}\u00a0\u00bb]<\/p>\n<p>.Individuel ou d&rsquo;\u00e9quipe<\/p>\n<p>Vous souhaitez atteindre vos objectifs dans le respect et la bienveillance.<\/p>\n<p>Le coaching permet notamment de :<\/p>\n<p>* comprendre les enjeux d&rsquo;une situation et de prendre des d\u00e9cisions en conscience.<\/p>\n<p>* revoir son rapport au monde et aux autres et ainsi pouvoir avancer de fa\u00e7on plus juste.<\/p>\n<p>* g\u00e9rer le stress<\/p>\n<p>* comprendre ses ressorts internes, ses croyances aidantes ou limitantes pour mieux avancer.<\/p>\n<p>[\/et_pb_blurb][\/et_pb_column][et_pb_column type=\u00a0\u00bb1_3&Prime; _builder_version=\u00a0\u00bb4.18.0&Prime; _module_preset=\u00a0\u00bbdefault\u00a0\u00bb global_colors_info=\u00a0\u00bb{}\u00a0\u00bb][et_pb_blurb title=\u00a0\u00bbFormations :\u00a0\u00bb image=\u00a0\u00bbhttp:\/\/ecumm.fr\/wp-content\/uploads\/2022\/10\/study-3698155_1920.jpg\u00a0\u00bb _builder_version=\u00a0\u00bb4.18.0&Prime; _module_preset=\u00a0\u00bbdefault\u00a0\u00bb global_colors_info=\u00a0\u00bb{}\u00a0\u00bb]<\/p>\n<ul>\n<li>Enn posture coop\u00e9rative<\/li>\n<li>En management<\/li>\n<li>En facilitation en intelligence collective<\/li>\n<li>En facilitation graphique<\/li>\n<\/ul>\n<p>Les formations sont con\u00e7ues pour maximiser l&rsquo;apprentissage par une alternance d&rsquo;apport de contenu et de mise en situation.\u00a0<\/p>\n<p><a href=\"https:\/\/ecumm.fr\/index.php\/formations\/\">En savoir plus<\/a><\/p>\n<p>&nbsp;<\/p>\n<p>[\/et_pb_blurb][\/et_pb_column][et_pb_column type=\u00a0\u00bb1_3&Prime; _builder_version=\u00a0\u00bb4.18.0&Prime; _module_preset=\u00a0\u00bbdefault\u00a0\u00bb global_colors_info=\u00a0\u00bb{}\u00a0\u00bb][et_pb_blurb title=\u00a0\u00bbFacilitation en intelligence collective\u00a0\u00bb image=\u00a0\u00bbhttp:\/\/ecumm.fr\/wp-content\/uploads\/2022\/10\/facilitation-scaled.jpg\u00a0\u00bb _builder_version=\u00a0\u00bb4.18.0&Prime; _module_preset=\u00a0\u00bbdefault\u00a0\u00bb global_colors_info=\u00a0\u00bb{}\u00a0\u00bb]<\/p>\n<p>Vous souhaitez prendre soin d&rsquo;une \u00e9quipe et l&rsquo;amener \u00e0 coconstruire des solutions innovantes.<\/p>\n<p>Des s\u00e9minaires vous permettront de comprendre la force du groupe, de d\u00e9velopper la cr\u00e9ativit\u00e9, d&rsquo;innover, de d\u00e9couvrir des solutions que vous n&rsquo;auriez pas imagin\u00e9es.<\/p>\n<p><a href=\"https:\/\/ecumm.fr\/index.php\/formations\/\">En savoir plus<\/a><\/p>\n<p>[\/et_pb_blurb][\/et_pb_column][\/et_pb_row][\/et_pb_section][et_pb_section fb_built=\u00a0\u00bb1&Prime; _builder_version=\u00a0\u00bb4.18.0&Prime; _module_preset=\u00a0\u00bbdefault\u00a0\u00bb background_image=\u00a0\u00bbhttp:\/\/ecumm.fr\/wp-content\/uploads\/2022\/10\/badeau-Isa-scaled.jpg\u00a0\u00bb box_shadow_style=\u00a0\u00bbpreset1&Prime; box_shadow_color=\u00a0\u00bb#0C71C3&Prime; global_colors_info=\u00a0\u00bb{}\u00a0\u00bb][\/et_pb_section]<\/p>\n","protected":false},"excerpt":{"rendered":"<p>ENTREPRISES.Individuel ou d&rsquo;\u00e9quipe Vous souhaitez atteindre vos objectifs dans le respect et la bienveillance. Le coaching permet notamment de : * comprendre les enjeux d&rsquo;une situation et de prendre des d\u00e9cisions en conscience. * revoir son rapport au monde et aux autres et ainsi pouvoir avancer de fa\u00e7on plus juste. * g\u00e9rer le stress * [&hellip;]<\/p>\n","protected":false},"author":1,"featured_media":0,"parent":0,"menu_order":0,"comment_status":"closed","ping_status":"closed","template":"","meta":{"_et_pb_use_builder":"on","_et_pb_old_content":"","_et_gb_content_width":"","footnotes":""},"class_list":["post-68","page","type-page","status-publish","hentry"],"_links":{"self":[{"href":"https:\/\/ecumm.fr\/index.php\/wp-json\/wp\/v2\/pages\/68","targetHints":{"allow":["GET"]}}],"collection":[{"href":"https:\/\/ecumm.fr\/index.php\/wp-json\/wp\/v2\/pages"}],"about":[{"href":"https:\/\/ecumm.fr\/index.php\/wp-json\/wp\/v2\/types\/page"}],"author":[{"embeddable":true,"href":"https:\/\/ecumm.fr\/index.php\/wp-json\/wp\/v2\/users\/1"}],"replies":[{"embeddable":true,"href":"https:\/\/ecumm.fr\/index.php\/wp-json\/wp\/v2\/comments?post=68"}],"version-history":[{"count":17,"href":"https:\/\/ecumm.fr\/index.php\/wp-json\/wp\/v2\/pages\/68\/revisions"}],"predecessor-version":[{"id":455,"href":"https:\/\/ecumm.fr\/index.php\/wp-json\/wp\/v2\/pages\/68\/revisions\/455"}],"wp:attachment":[{"href":"https:\/\/ecumm.fr\/index.php\/wp-json\/wp\/v2\/media?parent=68"}],"curies":[{"name":"wp","href":"https:\/\/api.w.org\/{rel}","templated":true}]}}